
{"id":6772,"date":"2025-04-14T08:05:55","date_gmt":"2025-04-14T08:05:55","guid":{"rendered":"https:\/\/assedel.org\/?page_id=6772"},"modified":"2026-02-24T08:52:08","modified_gmt":"2026-02-24T08:52:08","slug":"former-members-4","status":"publish","type":"page","link":"https:\/\/assedel.org\/fr\/former-members-4\/","title":{"rendered":"Anciens membres"},"content":{"rendered":"<p><strong>2025 Members<\/strong><\/p>\n\n\n\n<p class=\"team-member\">Hilda Ahman, intern<\/p>\n\n\n\n<p class=\"team-member\">Rui (Doris) Peng, intern<\/p>\n\n\n\n<p class=\"team-member\">Eline Martzolff, Intern before the Council of Europe<\/p>\n\n\n\n<p class=\"team-member\">Alma Clemente, Intern for European Parliament working group<\/p>\n\n\n\n<p class=\"team-member\">Gaia Esposito, Directorate Team Member<\/p>\n\n\n\n<p class=\"team-member\">Francesca Fiorillo, Communication Working Group Member<\/p>\n\n\n\n<p class=\"team-member\">Ewa Ruffili, Intern for the Council of Europe<\/p>\n\n\n\n<p class=\"team-member\">Tommaso Mignemi, Directorate Team Member<\/p>\n\n\n\n<p class=\"team-member\">Andrea Lopez, Communication Intern<\/p>\n\n\n\n<p class=\"team-member\">Aiana Narbekova, Intern for the Council of Europe <\/p>\n\n\n\n<p><a href=\"https:\/\/www.linkedin.com\/in\/brahim-baalla\/\" data-type=\"link\" data-id=\"https:\/\/www.linkedin.com\/in\/brahim-baalla\/\">Brahim Baalla<\/a>, Council of Europe Working Group Member<\/p>\n\n\n\n<p><a href=\"https:\/\/www.linkedin.com\/in\/egle-papandrea-73013a199\/\" data-type=\"link\" data-id=\"https:\/\/www.linkedin.com\/in\/egle-papandrea-73013a199\/\">Egle Papandrea<\/a>, Communication Working Group Member<\/p>\n\n\n\n<p><a href=\"https:\/\/www.linkedin.com\/in\/regina-toro-cobo-maeso-b1492724b\/\" data-type=\"link\" data-id=\"https:\/\/www.linkedin.com\/in\/regina-toro-cobo-maeso-b1492724b\/\">Regina Manuela Toro Cobo-Maeso<\/a>, Council of Europe and Communication Working Group Member<\/p>\n\n\n\n<p>Aikaterine Sfendeles, Intern before the Council of Europe and the European Parliament<\/p>\n\n\n\n<p><a href=\"https:\/\/www.linkedin.com\/in\/saramarcis\/\" data-type=\"link\" data-id=\"https:\/\/www.linkedin.com\/in\/saramarcis\/\">Sara Marcis<\/a>, European Parliament Working Group Member<\/p>\n\n\n\n<p class=\"team-member\">Fareda Jhonson, Council of Europe Working Group Member<\/p>\n\n\n\n<p>Maria Villar S\u00e1nchez, European Parliament Working Group Member<\/p>\n\n\n\n<p>Finn Chapman, Communication Working Group Member<\/p>\n\n\n\n<p>Olga Errani, European Parliament Working Group Member<\/p>\n\n\n\n<p>Pavlina Vlachantoni, Communication Working Group Member<\/p>\n\n\n\n<p>Maria Chilarska, European Parliament Working Group Member<\/p>\n\n\n\n<p>Pavla Taro\u017e\u00edkov\u00e1, European Parliament Working Group Member<\/p>\n\n\n\n<p>Asilbek kyzy Kunduz, Communication Working Group Member<\/p>\n\n\n\n<p>Gloria Llaurad\u00f3 Ricart, Council of Europe Working Group Member<\/p>\n\n\n\n<p class=\"team-member\"><\/p>\n\n\n\n<p class=\"team-member\"><\/p>\n\n\n\n<p class=\"team-member\"><\/p>\n\n\n\n<p class=\"team-member\"><\/p>\n\n\n\n<p class=\"team-member\"><\/p>\n\n\n\n<p class=\"team-member\"><\/p>\n\n\n\n<p class=\"team-member\"><\/p>\n\n\n\n<p class=\"team-member\"><\/p>\n\n\n\n<p class=\"team-member\"><br><br><\/p>\n\n\n\n<p><\/p>\n\n\n\n<div class=\"wp-block-buttons is-layout-flex wp-block-buttons-is-layout-flex\">\n<div class=\"wp-block-button\"><a class=\"wp-block-button__link wp-element-button\" href=\"https:\/\/assedel.org\/fr\/former-interns\/\"><- Former Members<\/a><\/div>\n<\/div>\n\n\n\n<p><\/p>\n\n\n\n<p><\/p>","protected":false},"excerpt":{"rendered":"<p>2025 Members Hilda Ahman, intern Rui (Doris) Peng, intern Eline Martzolff, Intern before the Council of Europe Alma Clemente, Intern for European&#8230;<\/p>","protected":false},"author":1,"featured_media":0,"parent":0,"menu_order":0,"comment_status":"closed","ping_status":"closed","template":"","meta":{"give_campaign_id":0,"_uag_custom_page_level_css":"","footnotes":""},"class_list":["post-6772","page","type-page","status-publish"],"campaignId":"","uagb_featured_image_src":{"full":false,"thumbnail":false,"medium":false,"medium_large":false,"large":false,"1536x1536":false,"2048x2048":false,"trp-custom-language-flag":false,"inhype-blog-thumb":false,"inhype-blog-thumb-grid":false,"inhype-blog-thumb-widget":false,"inhype-blog-thumb-masonry":false},"uagb_author_info":{"display_name":"assedel","author_link":"https:\/\/assedel.org\/fr\/author\/assedel\/"},"uagb_comment_info":0,"uagb_excerpt":"2025 Members Hilda Ahman, intern Rui (Doris) Peng, intern Eline Martzolff, Intern before the Council of Europe Alma Clemente, Intern for European...","amp_enabled":true,"_links":{"self":[{"href":"https:\/\/assedel.org\/fr\/wp-json\/wp\/v2\/pages\/6772","targetHints":{"allow":["GET"]}}],"collection":[{"href":"https:\/\/assedel.org\/fr\/wp-json\/wp\/v2\/pages"}],"about":[{"href":"https:\/\/assedel.org\/fr\/wp-json\/wp\/v2\/types\/page"}],"author":[{"embeddable":true,"href":"https:\/\/assedel.org\/fr\/wp-json\/wp\/v2\/users\/1"}],"replies":[{"embeddable":true,"href":"https:\/\/assedel.org\/fr\/wp-json\/wp\/v2\/comments?post=6772"}],"version-history":[{"count":28,"href":"https:\/\/assedel.org\/fr\/wp-json\/wp\/v2\/pages\/6772\/revisions"}],"predecessor-version":[{"id":8099,"href":"https:\/\/assedel.org\/fr\/wp-json\/wp\/v2\/pages\/6772\/revisions\/8099"}],"wp:attachment":[{"href":"https:\/\/assedel.org\/fr\/wp-json\/wp\/v2\/media?parent=6772"}],"curies":[{"name":"wp","href":"https:\/\/api.w.org\/{rel}","templated":true}]}}